{"id":4257,"date":"2025-12-03T09:07:47","date_gmt":"2025-12-03T09:07:47","guid":{"rendered":"https:\/\/www.autojerez.com\/?page_id=4257"},"modified":"2025-12-04T06:13:05","modified_gmt":"2025-12-04T06:13:05","slug":"carretilla-frontal-retractil","status":"publish","type":"page","link":"https:\/\/www.autojerez.com\/index.php\/carnet\/carretilla-frontal-retractil\/","title":{"rendered":"Carretilla frontal\/ retr\u00e1ctil"},"content":{"rendered":"<p>[et_pb_section fb_built=\u00bb1&#8243; custom_padding_last_edited=\u00bbon|phone\u00bb admin_label=\u00bbHeader\u00bb _builder_version=\u00bb4.27.3&#8243; _module_preset=\u00bbf1e73b3b-c146-4808-a397-60fe117368bb\u00bb background_enable_color=\u00bboff\u00bb background_image=\u00bbhttps:\/\/www.autojerez.com\/wp-content\/uploads\/2025\/12\/Pantalla-aparatos-elevadores.jpg\u00bb custom_padding=\u00bb20vw||0px||false|false\u00bb custom_padding_tablet=\u00bb20vw||0px||false|false\u00bb custom_padding_phone=\u00bb20vw||0px||false|false\u00bb global_colors_info=\u00bb{}\u00bb][et_pb_row _builder_version=\u00bb4.25.2&#8243; _module_preset=\u00bb36a594ea-7e32-4fe9-8b61-9ea5bd3fa26e\u00bb global_colors_info=\u00bb{}\u00bb][et_pb_column type=\u00bb4_4&#8243; _builder_version=\u00bb4.25.2&#8243; _module_preset=\u00bbdefault\u00bb global_colors_info=\u00bb{}\u00bb][et_pb_heading title=\u00bbCARRETILLA FRONTAL\/RETR\u00c1CTIL\u00bb _builder_version=\u00bb4.27.3&#8243; _module_preset=\u00bb1f4e02ce-588c-4650-add8-d075f1216b70&#8243; title_text_color=\u00bb#FFFFFF\u00bb title_font_size=\u00bb102px\u00bb max_width=\u00bb1080px\u00bb global_colors_info=\u00bb{}\u00bb][\/et_pb_heading][\/et_pb_column][\/et_pb_row][\/et_pb_section][et_pb_section fb_built=\u00bb1&#8243; _builder_version=\u00bb4.27.3&#8243; _module_preset=\u00bbdefault\u00bb global_colors_info=\u00bb{}\u00bb][et_pb_row _builder_version=\u00bb4.27.3&#8243; _module_preset=\u00bbdefault\u00bb global_colors_info=\u00bb{}\u00bb locked=\u00bboff\u00bb][et_pb_column type=\u00bb4_4&#8243; _builder_version=\u00bb4.27.3&#8243; _module_preset=\u00bbdefault\u00bb global_colors_info=\u00bb{}\u00bb][et_pb_text _builder_version=\u00bb4.27.3&#8243; _module_preset=\u00bbdefault\u00bb hover_enabled=\u00bb0&#8243; global_colors_info=\u00bb{}\u00bb sticky_enabled=\u00bb0&#8243;]<\/p>\n<h1 style=\"text-align: center;\"><span style=\"color: #ff0000;\"><strong>\u00bfQuieres impulsar tu carrera profesional y trabajar con mayor<\/strong><\/span><br \/><span style=\"color: #ff0000;\"><strong>seguridad?<\/strong><\/span><\/h1>\n<p>&nbsp;<\/p>\n<p style=\"text-align: justify;\">Nuestro Curso de Operaci\u00f3n de Aparatos Elevadores, basado rigurosamente en el R.D.1215\/1997 de 18 de julio, es la formaci\u00f3n ideal para cumplir con la normativa y destacar en elsector.<\/p>\n<ul>\n<li>Carretilla frontal.<\/li>\n<li>Carretilla retr\u00e1ctil.<\/li>\n<li>Cami\u00f3n pluma.<\/li>\n<li>Plataforma elevadora.<\/li>\n<li>Transpaleta.<\/li>\n<li>Transpaleta el\u00e9ctrica.<\/li>\n<li>Telesc\u00f3pica articulada.<\/li>\n<\/ul>\n<p><strong>El programa incluye:<\/strong><br \/>&#8211; Parte te\u00f3rica<br \/>-Aprender\u00e1s los principios de funcionamiento de los distintos aparatos elevadores, las obligaciones del operario, las medidas de prevenci\u00f3n y todos los requisitos de seguridad establecidos por la normativa vigente.<br \/>&#8211; Pr\u00e1cticas reales<br \/>&#8211; Contar\u00e1s con pr\u00e1cticas guiadas utilizando diferentes equipos elevadores, desarrollando habilidades reales de manejo, control y prevenci\u00f3n de riesgos, para trabajar con confianza y profesionalidad.<br \/>&#8211; Carnet acreditativo y diploma<br \/>&#8211; Al finalizar y superar la formaci\u00f3n, obtendr\u00e1s tu carnet de operador, un documento cada vez m\u00e1s solicitado por las empresas de sectores como industria y log\u00edstica.<\/p>\n<p>[\/et_pb_text][\/et_pb_column][\/et_pb_row][et_pb_row _builder_version=\u00bb4.27.3&#8243; _module_preset=\u00bbdefault\u00bb global_colors_info=\u00bb{}\u00bb][et_pb_column type=\u00bb4_4&#8243; _builder_version=\u00bb4.27.3&#8243; _module_preset=\u00bbdefault\u00bb global_colors_info=\u00bb{}\u00bb][et_pb_shop type=\u00bbproduct_category\u00bb include_categories=\u00bb118&#8243; _builder_version=\u00bb4.27.3&#8243; _module_preset=\u00bbdefault\u00bb global_colors_info=\u00bb{}\u00bb][\/et_pb_shop][\/et_pb_column][\/et_pb_row][\/et_pb_section]<\/p>\n","protected":false},"excerpt":{"rendered":"<p>\u00bfQuieres impulsar tu carrera profesional y trabajar con mayorseguridad? &nbsp; Nuestro Curso de Operaci\u00f3n de Aparatos Elevadores, basado rigurosamente en el R.D.1215\/1997 de 18 de julio, es la formaci\u00f3n ideal para cumplir con la normativa y destacar en elsector. Carretilla frontal. Carretilla retr\u00e1ctil. Cami\u00f3n pluma. Plataforma elevadora. Transpaleta. Transpaleta el\u00e9ctrica. Telesc\u00f3pica articulada. El programa incluye:- [&hellip;]<\/p>\n","protected":false},"author":1,"featured_media":0,"parent":61,"menu_order":0,"comment_status":"closed","ping_status":"closed","template":"","meta":{"_et_pb_use_builder":"on","_et_pb_old_content":"","_et_gb_content_width":"","footnotes":""},"class_list":["post-4257","page","type-page","status-publish","hentry"],"yoast_head":"<!-- This site is optimized with the Yoast SEO plugin v26.8 - https:\/\/yoast.com\/product\/yoast-seo-wordpress\/ -->\n<title>Carretilla frontal\/ retr\u00e1ctil - Autoescuela Jerez<\/title>\n<meta name=\"robots\" content=\"index, follow, max-snippet:-1, max-image-preview:large, max-video-preview:-1\" \/>\n<link rel=\"canonical\" href=\"https:\/\/www.autojerez.com\/index.php\/carnet\/carretilla-frontal-retractil\/\" \/>\n<meta property=\"og:locale\" content=\"es_ES\" \/>\n<meta property=\"og:type\" content=\"article\" \/>\n<meta property=\"og:title\" content=\"Carretilla frontal\/ retr\u00e1ctil - Autoescuela Jerez\" \/>\n<meta property=\"og:description\" content=\"\u00bfQuieres impulsar tu carrera profesional y trabajar con mayorseguridad? &nbsp; Nuestro Curso de Operaci\u00f3n de Aparatos Elevadores, basado rigurosamente en el R.D.1215\/1997 de 18 de julio, es la formaci\u00f3n ideal para cumplir con la normativa y destacar en elsector. Carretilla frontal. Carretilla retr\u00e1ctil. Cami\u00f3n pluma. Plataforma elevadora. Transpaleta. Transpaleta el\u00e9ctrica. Telesc\u00f3pica articulada. El programa incluye:- [&hellip;]\" \/>\n<meta property=\"og:url\" content=\"https:\/\/www.autojerez.com\/index.php\/carnet\/carretilla-frontal-retractil\/\" \/>\n<meta property=\"og:site_name\" content=\"Autoescuela Jerez\" \/>\n<meta property=\"article:modified_time\" content=\"2025-12-04T06:13:05+00:00\" \/>\n<meta name=\"twitter:card\" content=\"summary_large_image\" \/>\n<meta name=\"twitter:label1\" content=\"Tiempo de lectura\" \/>\n\t<meta name=\"twitter:data1\" content=\"1 minuto\" \/>\n<script type=\"application\/ld+json\" class=\"yoast-schema-graph\">{\"@context\":\"https:\/\/schema.org\",\"@graph\":[{\"@type\":\"WebPage\",\"@id\":\"https:\/\/www.autojerez.com\/index.php\/carnet\/carretilla-frontal-retractil\/\",\"url\":\"https:\/\/www.autojerez.com\/index.php\/carnet\/carretilla-frontal-retractil\/\",\"name\":\"Carretilla frontal\/ retr\u00e1ctil - Autoescuela Jerez\",\"isPartOf\":{\"@id\":\"https:\/\/www.autojerez.com\/#website\"},\"datePublished\":\"2025-12-03T09:07:47+00:00\",\"dateModified\":\"2025-12-04T06:13:05+00:00\",\"breadcrumb\":{\"@id\":\"https:\/\/www.autojerez.com\/index.php\/carnet\/carretilla-frontal-retractil\/#breadcrumb\"},\"inLanguage\":\"es\",\"potentialAction\":[{\"@type\":\"ReadAction\",\"target\":[\"https:\/\/www.autojerez.com\/index.php\/carnet\/carretilla-frontal-retractil\/\"]}]},{\"@type\":\"BreadcrumbList\",\"@id\":\"https:\/\/www.autojerez.com\/index.php\/carnet\/carretilla-frontal-retractil\/#breadcrumb\",\"itemListElement\":[{\"@type\":\"ListItem\",\"position\":1,\"name\":\"Portada\",\"item\":\"https:\/\/www.autojerez.com\/\"},{\"@type\":\"ListItem\",\"position\":2,\"name\":\"Carnet\",\"item\":\"https:\/\/www.autojerez.com\/index.php\/carnet\/\"},{\"@type\":\"ListItem\",\"position\":3,\"name\":\"Carretilla frontal\/ retr\u00e1ctil\"}]},{\"@type\":\"WebSite\",\"@id\":\"https:\/\/www.autojerez.com\/#website\",\"url\":\"https:\/\/www.autojerez.com\/\",\"name\":\"Autoescuela Jerez\",\"description\":\"La mejor autoescuela de Extremadura\",\"publisher\":{\"@id\":\"https:\/\/www.autojerez.com\/#organization\"},\"potentialAction\":[{\"@type\":\"SearchAction\",\"target\":{\"@type\":\"EntryPoint\",\"urlTemplate\":\"https:\/\/www.autojerez.com\/?s={search_term_string}\"},\"query-input\":{\"@type\":\"PropertyValueSpecification\",\"valueRequired\":true,\"valueName\":\"search_term_string\"}}],\"inLanguage\":\"es\"},{\"@type\":\"Organization\",\"@id\":\"https:\/\/www.autojerez.com\/#organization\",\"name\":\"Autoescuela Jerez\",\"url\":\"https:\/\/www.autojerez.com\/\",\"logo\":{\"@type\":\"ImageObject\",\"inLanguage\":\"es\",\"@id\":\"https:\/\/www.autojerez.com\/#\/schema\/logo\/image\/\",\"url\":\"https:\/\/www.autojerez.com\/wp-content\/uploads\/2021\/03\/LOGO-TRANSPARENTE-NEGRO-1.gif\",\"contentUrl\":\"https:\/\/www.autojerez.com\/wp-content\/uploads\/2021\/03\/LOGO-TRANSPARENTE-NEGRO-1.gif\",\"width\":2304,\"height\":1476,\"caption\":\"Autoescuela Jerez\"},\"image\":{\"@id\":\"https:\/\/www.autojerez.com\/#\/schema\/logo\/image\/\"}}]}<\/script>\n<!-- \/ Yoast SEO plugin. -->","yoast_head_json":{"title":"Carretilla frontal\/ retr\u00e1ctil - Autoescuela Jerez","robots":{"index":"index","follow":"follow","max-snippet":"max-snippet:-1","max-image-preview":"max-image-preview:large","max-video-preview":"max-video-preview:-1"},"canonical":"https:\/\/www.autojerez.com\/index.php\/carnet\/carretilla-frontal-retractil\/","og_locale":"es_ES","og_type":"article","og_title":"Carretilla frontal\/ retr\u00e1ctil - Autoescuela Jerez","og_description":"\u00bfQuieres impulsar tu carrera profesional y trabajar con mayorseguridad? &nbsp; Nuestro Curso de Operaci\u00f3n de Aparatos Elevadores, basado rigurosamente en el R.D.1215\/1997 de 18 de julio, es la formaci\u00f3n ideal para cumplir con la normativa y destacar en elsector. Carretilla frontal. Carretilla retr\u00e1ctil. Cami\u00f3n pluma. Plataforma elevadora. Transpaleta. Transpaleta el\u00e9ctrica. Telesc\u00f3pica articulada. El programa incluye:- [&hellip;]","og_url":"https:\/\/www.autojerez.com\/index.php\/carnet\/carretilla-frontal-retractil\/","og_site_name":"Autoescuela Jerez","article_modified_time":"2025-12-04T06:13:05+00:00","twitter_card":"summary_large_image","twitter_misc":{"Tiempo de lectura":"1 minuto"},"schema":{"@context":"https:\/\/schema.org","@graph":[{"@type":"WebPage","@id":"https:\/\/www.autojerez.com\/index.php\/carnet\/carretilla-frontal-retractil\/","url":"https:\/\/www.autojerez.com\/index.php\/carnet\/carretilla-frontal-retractil\/","name":"Carretilla frontal\/ retr\u00e1ctil - Autoescuela Jerez","isPartOf":{"@id":"https:\/\/www.autojerez.com\/#website"},"datePublished":"2025-12-03T09:07:47+00:00","dateModified":"2025-12-04T06:13:05+00:00","breadcrumb":{"@id":"https:\/\/www.autojerez.com\/index.php\/carnet\/carretilla-frontal-retractil\/#breadcrumb"},"inLanguage":"es","potentialAction":[{"@type":"ReadAction","target":["https:\/\/www.autojerez.com\/index.php\/carnet\/carretilla-frontal-retractil\/"]}]},{"@type":"BreadcrumbList","@id":"https:\/\/www.autojerez.com\/index.php\/carnet\/carretilla-frontal-retractil\/#breadcrumb","itemListElement":[{"@type":"ListItem","position":1,"name":"Portada","item":"https:\/\/www.autojerez.com\/"},{"@type":"ListItem","position":2,"name":"Carnet","item":"https:\/\/www.autojerez.com\/index.php\/carnet\/"},{"@type":"ListItem","position":3,"name":"Carretilla frontal\/ retr\u00e1ctil"}]},{"@type":"WebSite","@id":"https:\/\/www.autojerez.com\/#website","url":"https:\/\/www.autojerez.com\/","name":"Autoescuela Jerez","description":"La mejor autoescuela de Extremadura","publisher":{"@id":"https:\/\/www.autojerez.com\/#organization"},"potentialAction":[{"@type":"SearchAction","target":{"@type":"EntryPoint","urlTemplate":"https:\/\/www.autojerez.com\/?s={search_term_string}"},"query-input":{"@type":"PropertyValueSpecification","valueRequired":true,"valueName":"search_term_string"}}],"inLanguage":"es"},{"@type":"Organization","@id":"https:\/\/www.autojerez.com\/#organization","name":"Autoescuela Jerez","url":"https:\/\/www.autojerez.com\/","logo":{"@type":"ImageObject","inLanguage":"es","@id":"https:\/\/www.autojerez.com\/#\/schema\/logo\/image\/","url":"https:\/\/www.autojerez.com\/wp-content\/uploads\/2021\/03\/LOGO-TRANSPARENTE-NEGRO-1.gif","contentUrl":"https:\/\/www.autojerez.com\/wp-content\/uploads\/2021\/03\/LOGO-TRANSPARENTE-NEGRO-1.gif","width":2304,"height":1476,"caption":"Autoescuela Jerez"},"image":{"@id":"https:\/\/www.autojerez.com\/#\/schema\/logo\/image\/"}}]}},"_links":{"self":[{"href":"https:\/\/www.autojerez.com\/index.php\/wp-json\/wp\/v2\/pages\/4257","targetHints":{"allow":["GET"]}}],"collection":[{"href":"https:\/\/www.autojerez.com\/index.php\/wp-json\/wp\/v2\/pages"}],"about":[{"href":"https:\/\/www.autojerez.com\/index.php\/wp-json\/wp\/v2\/types\/page"}],"author":[{"embeddable":true,"href":"https:\/\/www.autojerez.com\/index.php\/wp-json\/wp\/v2\/users\/1"}],"replies":[{"embeddable":true,"href":"https:\/\/www.autojerez.com\/index.php\/wp-json\/wp\/v2\/comments?post=4257"}],"version-history":[{"count":5,"href":"https:\/\/www.autojerez.com\/index.php\/wp-json\/wp\/v2\/pages\/4257\/revisions"}],"predecessor-version":[{"id":4282,"href":"https:\/\/www.autojerez.com\/index.php\/wp-json\/wp\/v2\/pages\/4257\/revisions\/4282"}],"up":[{"embeddable":true,"href":"https:\/\/www.autojerez.com\/index.php\/wp-json\/wp\/v2\/pages\/61"}],"wp:attachment":[{"href":"https:\/\/www.autojerez.com\/index.php\/wp-json\/wp\/v2\/media?parent=4257"}],"curies":[{"name":"wp","href":"https:\/\/api.w.org\/{rel}","templated":true}]}}