{"id":1233,"date":"2023-05-29T10:36:13","date_gmt":"2023-05-29T10:36:13","guid":{"rendered":"https:\/\/www.autojerez.com\/?post_type=product&#038;p=1233"},"modified":"2026-01-12T10:45:27","modified_gmt":"2026-01-12T10:45:27","slug":"matricula-a2-zafra","status":"publish","type":"product","link":"https:\/\/www.autojerez.com\/index.php\/producto\/matricula-a2-zafra\/","title":{"rendered":"Matr\u00edcula A2 Zafra"},"content":{"rendered":"<p>Para obtener este permiso realizar\u00e1s el primer examen a realizar es un te\u00f3rico de 20 preguntas, en el que podr\u00e1s sacar hasta 2 fallos.<br \/>\nPara preparar dicho examen, la matr\u00edcula incluye aula virtual con plataforma de te\u00f3rica online y test.<br \/>\nTasa de examen (1\u00aa solicitud) e IVA incluido.<\/p>\n","protected":false},"excerpt":{"rendered":"<p>permiso a2 zafra moto carnet<\/p>\n","protected":false},"featured_media":1234,"template":"","meta":{"_et_pb_use_builder":"","_et_pb_old_content":"","_et_gb_content_width":""},"product_brand":[],"product_cat":[116],"product_tag":[],"class_list":{"0":"post-1233","1":"product","2":"type-product","3":"status-publish","4":"has-post-thumbnail","6":"product_cat-zafra","8":"first","9":"instock","10":"virtual","11":"taxable","12":"purchasable","13":"product-type-simple"},"yoast_head":"<!-- This site is optimized with the Yoast SEO plugin v26.8 - https:\/\/yoast.com\/product\/yoast-seo-wordpress\/ -->\n<title>Matr\u00edcula A2 Zafra - Autoescuela Jerez<\/title>\n<meta name=\"robots\" content=\"index, follow, max-snippet:-1, max-image-preview:large, max-video-preview:-1\" \/>\n<link rel=\"canonical\" href=\"https:\/\/www.autojerez.com\/index.php\/producto\/matricula-a2-zafra\/\" \/>\n<meta property=\"og:locale\" content=\"es_ES\" \/>\n<meta property=\"og:type\" content=\"article\" \/>\n<meta property=\"og:title\" content=\"Matr\u00edcula A2 Zafra - Autoescuela Jerez\" \/>\n<meta property=\"og:description\" content=\"permiso a2 zafra moto carnet\" \/>\n<meta property=\"og:url\" content=\"https:\/\/www.autojerez.com\/index.php\/producto\/matricula-a2-zafra\/\" \/>\n<meta property=\"og:site_name\" content=\"Autoescuela Jerez\" \/>\n<meta property=\"article:modified_time\" content=\"2026-01-12T10:45:27+00:00\" \/>\n<meta property=\"og:image\" content=\"https:\/\/www.autojerez.com\/wp-content\/uploads\/2023\/05\/PRODUCTOS-WEB-COMMERCE-13.jpg\" \/>\n\t<meta property=\"og:image:width\" content=\"940\" \/>\n\t<meta property=\"og:image:height\" content=\"788\" \/>\n\t<meta property=\"og:image:type\" content=\"image\/jpeg\" \/>\n<meta name=\"twitter:card\" content=\"summary_large_image\" \/>\n<meta name=\"twitter:label1\" content=\"Tiempo de lectura\" \/>\n\t<meta name=\"twitter:data1\" content=\"1 minuto\" \/>\n<script type=\"application\/ld+json\" class=\"yoast-schema-graph\">{\"@context\":\"https:\/\/schema.org\",\"@graph\":[{\"@type\":\"WebPage\",\"@id\":\"https:\/\/www.autojerez.com\/index.php\/producto\/matricula-a2-zafra\/\",\"url\":\"https:\/\/www.autojerez.com\/index.php\/producto\/matricula-a2-zafra\/\",\"name\":\"Matr\u00edcula A2 Zafra - Autoescuela Jerez\",\"isPartOf\":{\"@id\":\"https:\/\/www.autojerez.com\/#website\"},\"primaryImageOfPage\":{\"@id\":\"https:\/\/www.autojerez.com\/index.php\/producto\/matricula-a2-zafra\/#primaryimage\"},\"image\":{\"@id\":\"https:\/\/www.autojerez.com\/index.php\/producto\/matricula-a2-zafra\/#primaryimage\"},\"thumbnailUrl\":\"https:\/\/www.autojerez.com\/wp-content\/uploads\/2023\/05\/PRODUCTOS-WEB-COMMERCE-13.jpg\",\"datePublished\":\"2023-05-29T10:36:13+00:00\",\"dateModified\":\"2026-01-12T10:45:27+00:00\",\"breadcrumb\":{\"@id\":\"https:\/\/www.autojerez.com\/index.php\/producto\/matricula-a2-zafra\/#breadcrumb\"},\"inLanguage\":\"es\",\"potentialAction\":[{\"@type\":\"ReadAction\",\"target\":[\"https:\/\/www.autojerez.com\/index.php\/producto\/matricula-a2-zafra\/\"]}]},{\"@type\":\"ImageObject\",\"inLanguage\":\"es\",\"@id\":\"https:\/\/www.autojerez.com\/index.php\/producto\/matricula-a2-zafra\/#primaryimage\",\"url\":\"https:\/\/www.autojerez.com\/wp-content\/uploads\/2023\/05\/PRODUCTOS-WEB-COMMERCE-13.jpg\",\"contentUrl\":\"https:\/\/www.autojerez.com\/wp-content\/uploads\/2023\/05\/PRODUCTOS-WEB-COMMERCE-13.jpg\",\"width\":940,\"height\":788},{\"@type\":\"BreadcrumbList\",\"@id\":\"https:\/\/www.autojerez.com\/index.php\/producto\/matricula-a2-zafra\/#breadcrumb\",\"itemListElement\":[{\"@type\":\"ListItem\",\"position\":1,\"name\":\"Portada\",\"item\":\"https:\/\/www.autojerez.com\/\"},{\"@type\":\"ListItem\",\"position\":2,\"name\":\"Tienda\",\"item\":\"https:\/\/www.autojerez.com\/index.php\/tienda\/\"},{\"@type\":\"ListItem\",\"position\":3,\"name\":\"Matr\u00edcula A2 Zafra\"}]},{\"@type\":\"WebSite\",\"@id\":\"https:\/\/www.autojerez.com\/#website\",\"url\":\"https:\/\/www.autojerez.com\/\",\"name\":\"Autoescuela Jerez\",\"description\":\"La mejor autoescuela de Extremadura\",\"publisher\":{\"@id\":\"https:\/\/www.autojerez.com\/#organization\"},\"potentialAction\":[{\"@type\":\"SearchAction\",\"target\":{\"@type\":\"EntryPoint\",\"urlTemplate\":\"https:\/\/www.autojerez.com\/?s={search_term_string}\"},\"query-input\":{\"@type\":\"PropertyValueSpecification\",\"valueRequired\":true,\"valueName\":\"search_term_string\"}}],\"inLanguage\":\"es\"},{\"@type\":\"Organization\",\"@id\":\"https:\/\/www.autojerez.com\/#organization\",\"name\":\"Autoescuela Jerez\",\"url\":\"https:\/\/www.autojerez.com\/\",\"logo\":{\"@type\":\"ImageObject\",\"inLanguage\":\"es\",\"@id\":\"https:\/\/www.autojerez.com\/#\/schema\/logo\/image\/\",\"url\":\"https:\/\/www.autojerez.com\/wp-content\/uploads\/2021\/03\/LOGO-TRANSPARENTE-NEGRO-1.gif\",\"contentUrl\":\"https:\/\/www.autojerez.com\/wp-content\/uploads\/2021\/03\/LOGO-TRANSPARENTE-NEGRO-1.gif\",\"width\":2304,\"height\":1476,\"caption\":\"Autoescuela Jerez\"},\"image\":{\"@id\":\"https:\/\/www.autojerez.com\/#\/schema\/logo\/image\/\"}}]}<\/script>\n<!-- \/ Yoast SEO plugin. -->","yoast_head_json":{"title":"Matr\u00edcula A2 Zafra - Autoescuela Jerez","robots":{"index":"index","follow":"follow","max-snippet":"max-snippet:-1","max-image-preview":"max-image-preview:large","max-video-preview":"max-video-preview:-1"},"canonical":"https:\/\/www.autojerez.com\/index.php\/producto\/matricula-a2-zafra\/","og_locale":"es_ES","og_type":"article","og_title":"Matr\u00edcula A2 Zafra - Autoescuela Jerez","og_description":"permiso a2 zafra moto carnet","og_url":"https:\/\/www.autojerez.com\/index.php\/producto\/matricula-a2-zafra\/","og_site_name":"Autoescuela Jerez","article_modified_time":"2026-01-12T10:45:27+00:00","og_image":[{"width":940,"height":788,"url":"https:\/\/www.autojerez.com\/wp-content\/uploads\/2023\/05\/PRODUCTOS-WEB-COMMERCE-13.jpg","type":"image\/jpeg"}],"twitter_card":"summary_large_image","twitter_misc":{"Tiempo de lectura":"1 minuto"},"schema":{"@context":"https:\/\/schema.org","@graph":[{"@type":"WebPage","@id":"https:\/\/www.autojerez.com\/index.php\/producto\/matricula-a2-zafra\/","url":"https:\/\/www.autojerez.com\/index.php\/producto\/matricula-a2-zafra\/","name":"Matr\u00edcula A2 Zafra - Autoescuela Jerez","isPartOf":{"@id":"https:\/\/www.autojerez.com\/#website"},"primaryImageOfPage":{"@id":"https:\/\/www.autojerez.com\/index.php\/producto\/matricula-a2-zafra\/#primaryimage"},"image":{"@id":"https:\/\/www.autojerez.com\/index.php\/producto\/matricula-a2-zafra\/#primaryimage"},"thumbnailUrl":"https:\/\/www.autojerez.com\/wp-content\/uploads\/2023\/05\/PRODUCTOS-WEB-COMMERCE-13.jpg","datePublished":"2023-05-29T10:36:13+00:00","dateModified":"2026-01-12T10:45:27+00:00","breadcrumb":{"@id":"https:\/\/www.autojerez.com\/index.php\/producto\/matricula-a2-zafra\/#breadcrumb"},"inLanguage":"es","potentialAction":[{"@type":"ReadAction","target":["https:\/\/www.autojerez.com\/index.php\/producto\/matricula-a2-zafra\/"]}]},{"@type":"ImageObject","inLanguage":"es","@id":"https:\/\/www.autojerez.com\/index.php\/producto\/matricula-a2-zafra\/#primaryimage","url":"https:\/\/www.autojerez.com\/wp-content\/uploads\/2023\/05\/PRODUCTOS-WEB-COMMERCE-13.jpg","contentUrl":"https:\/\/www.autojerez.com\/wp-content\/uploads\/2023\/05\/PRODUCTOS-WEB-COMMERCE-13.jpg","width":940,"height":788},{"@type":"BreadcrumbList","@id":"https:\/\/www.autojerez.com\/index.php\/producto\/matricula-a2-zafra\/#breadcrumb","itemListElement":[{"@type":"ListItem","position":1,"name":"Portada","item":"https:\/\/www.autojerez.com\/"},{"@type":"ListItem","position":2,"name":"Tienda","item":"https:\/\/www.autojerez.com\/index.php\/tienda\/"},{"@type":"ListItem","position":3,"name":"Matr\u00edcula A2 Zafra"}]},{"@type":"WebSite","@id":"https:\/\/www.autojerez.com\/#website","url":"https:\/\/www.autojerez.com\/","name":"Autoescuela Jerez","description":"La mejor autoescuela de Extremadura","publisher":{"@id":"https:\/\/www.autojerez.com\/#organization"},"potentialAction":[{"@type":"SearchAction","target":{"@type":"EntryPoint","urlTemplate":"https:\/\/www.autojerez.com\/?s={search_term_string}"},"query-input":{"@type":"PropertyValueSpecification","valueRequired":true,"valueName":"search_term_string"}}],"inLanguage":"es"},{"@type":"Organization","@id":"https:\/\/www.autojerez.com\/#organization","name":"Autoescuela Jerez","url":"https:\/\/www.autojerez.com\/","logo":{"@type":"ImageObject","inLanguage":"es","@id":"https:\/\/www.autojerez.com\/#\/schema\/logo\/image\/","url":"https:\/\/www.autojerez.com\/wp-content\/uploads\/2021\/03\/LOGO-TRANSPARENTE-NEGRO-1.gif","contentUrl":"https:\/\/www.autojerez.com\/wp-content\/uploads\/2021\/03\/LOGO-TRANSPARENTE-NEGRO-1.gif","width":2304,"height":1476,"caption":"Autoescuela Jerez"},"image":{"@id":"https:\/\/www.autojerez.com\/#\/schema\/logo\/image\/"}}]}},"_links":{"self":[{"href":"https:\/\/www.autojerez.com\/index.php\/wp-json\/wp\/v2\/product\/1233","targetHints":{"allow":["GET"]}}],"collection":[{"href":"https:\/\/www.autojerez.com\/index.php\/wp-json\/wp\/v2\/product"}],"about":[{"href":"https:\/\/www.autojerez.com\/index.php\/wp-json\/wp\/v2\/types\/product"}],"wp:featuredmedia":[{"embeddable":true,"href":"https:\/\/www.autojerez.com\/index.php\/wp-json\/wp\/v2\/media\/1234"}],"wp:attachment":[{"href":"https:\/\/www.autojerez.com\/index.php\/wp-json\/wp\/v2\/media?parent=1233"}],"wp:term":[{"taxonomy":"product_brand","embeddable":true,"href":"https:\/\/www.autojerez.com\/index.php\/wp-json\/wp\/v2\/product_brand?post=1233"},{"taxonomy":"product_cat","embeddable":true,"href":"https:\/\/www.autojerez.com\/index.php\/wp-json\/wp\/v2\/product_cat?post=1233"},{"taxonomy":"product_tag","embeddable":true,"href":"https:\/\/www.autojerez.com\/index.php\/wp-json\/wp\/v2\/product_tag?post=1233"}],"curies":[{"name":"wp","href":"https:\/\/api.w.org\/{rel}","templated":true}]}}