{"id":1644,"date":"2023-09-21T16:22:33","date_gmt":"2023-09-21T16:22:33","guid":{"rendered":"https:\/\/www.autojerez.com\/?post_type=product&#038;p=1644"},"modified":"2024-07-29T09:00:39","modified_gmt":"2024-07-29T09:00:39","slug":"prueba-conjunta-vehiculo-adaptado-automatico-badajoz","status":"publish","type":"product","link":"https:\/\/www.autojerez.com\/index.php\/producto\/prueba-conjunta-vehiculo-adaptado-automatico-badajoz\/","title":{"rendered":"Prueba conjunta"},"content":{"rendered":"<p>Prevista en el Art\u00edculo 61 del Real Decreto 818\/2009 de 08 de mayo, por el que se aprueba el Reglamento General de Conductores, con el fin de determinar tu aptitud para la conducci\u00f3n y las posibles adaptaciones, restricciones y otras limitaciones que pudieran imponerte en la persona, el veh\u00edculo o la circulaci\u00f3n.<\/p>\n<p>Normalmente se realizar\u00e1 una prueba en un circuito cerrado y otra en v\u00edas abiertas al tr\u00e1fico la prueba ser\u00e1 evaluada por examinadores de la DGT y dependiendo de las caracter\u00edsticas del aspirante, adem\u00e1s se solicitar\u00e1 el asesoramiento de un m\u00e9dico designado por los servicios sanitarios competentes.<\/p>\n<p>Incluye<br \/>\n\ud83c\udf933 clases pr\u00e1cticas de 45 minutos de duraci\u00f3n cada una. (Se realizar\u00e1n previas a la prueba, con el fin de prepararle para la misma)<br \/>\n\ud83c\udf93 Acompa\u00f1amiento y realizaci\u00f3n de la propia prueba. (En este caso, pendiente de fijar fecha)<\/p>\n<p>Esta cantidad quedar\u00e1 abonada siempre antes de la misma.<\/p>\n","protected":false},"excerpt":{"rendered":"<p>Prevista en el Art\u00edculo 61 del Real Decreto 818\/2009 de 08 de mayo, por el que se aprueba el Reglamento General de Conductores, con el fin de determinar tu aptitud para la conducci\u00f3n y las posibles adaptaciones, restricciones y otras limitaciones que pudieran imponerte en la persona, el veh\u00edculo o la circulaci\u00f3n. Normalmente se realizar\u00e1 [&hellip;]<\/p>\n","protected":false},"featured_media":1645,"template":"","meta":{"_et_pb_use_builder":"","_et_pb_old_content":"","_et_gb_content_width":""},"product_brand":[],"product_cat":[114],"product_tag":[],"class_list":{"0":"post-1644","1":"product","2":"type-product","3":"status-publish","4":"has-post-thumbnail","6":"product_cat-practicas-badajoz","8":"first","9":"instock","10":"downloadable","11":"taxable","12":"shipping-taxable","13":"purchasable","14":"product-type-simple"},"yoast_head":"<!-- This site is optimized with the Yoast SEO plugin v26.8 - https:\/\/yoast.com\/product\/yoast-seo-wordpress\/ -->\n<title>Prueba conjunta - Autoescuela Jerez<\/title>\n<meta name=\"description\" content=\"prueba-conjunta-badajoz-veh\u00edculo-adaptado-autom\u00e1tico-dgt-m\u00e9dica-818\/2009-real-decreto-adaptaciones-conducci\u00f3n\" \/>\n<meta name=\"robots\" content=\"index, follow, max-snippet:-1, max-image-preview:large, max-video-preview:-1\" \/>\n<link rel=\"canonical\" href=\"https:\/\/www.autojerez.com\/index.php\/producto\/prueba-conjunta-vehiculo-adaptado-automatico-badajoz\/\" \/>\n<meta property=\"og:locale\" content=\"es_ES\" \/>\n<meta property=\"og:type\" content=\"article\" \/>\n<meta property=\"og:title\" content=\"Prueba conjunta - Autoescuela Jerez\" \/>\n<meta property=\"og:description\" content=\"prueba-conjunta-badajoz-veh\u00edculo-adaptado-autom\u00e1tico-dgt-m\u00e9dica-818\/2009-real-decreto-adaptaciones-conducci\u00f3n\" \/>\n<meta property=\"og:url\" content=\"https:\/\/www.autojerez.com\/index.php\/producto\/prueba-conjunta-vehiculo-adaptado-automatico-badajoz\/\" \/>\n<meta property=\"og:site_name\" content=\"Autoescuela Jerez\" \/>\n<meta property=\"article:modified_time\" content=\"2024-07-29T09:00:39+00:00\" \/>\n<meta property=\"og:image\" content=\"https:\/\/www.autojerez.com\/wp-content\/uploads\/2023\/09\/PRODUCTOS-WEB-COMMERCE-22.jpg\" \/>\n\t<meta property=\"og:image:width\" content=\"940\" \/>\n\t<meta property=\"og:image:height\" content=\"788\" \/>\n\t<meta property=\"og:image:type\" content=\"image\/jpeg\" \/>\n<meta name=\"twitter:card\" content=\"summary_large_image\" \/>\n<meta name=\"twitter:label1\" content=\"Tiempo de lectura\" \/>\n\t<meta name=\"twitter:data1\" content=\"1 minuto\" \/>\n<script type=\"application\/ld+json\" class=\"yoast-schema-graph\">{\"@context\":\"https:\/\/schema.org\",\"@graph\":[{\"@type\":\"WebPage\",\"@id\":\"https:\/\/www.autojerez.com\/index.php\/producto\/prueba-conjunta-vehiculo-adaptado-automatico-badajoz\/\",\"url\":\"https:\/\/www.autojerez.com\/index.php\/producto\/prueba-conjunta-vehiculo-adaptado-automatico-badajoz\/\",\"name\":\"Prueba conjunta - Autoescuela Jerez\",\"isPartOf\":{\"@id\":\"https:\/\/www.autojerez.com\/#website\"},\"primaryImageOfPage\":{\"@id\":\"https:\/\/www.autojerez.com\/index.php\/producto\/prueba-conjunta-vehiculo-adaptado-automatico-badajoz\/#primaryimage\"},\"image\":{\"@id\":\"https:\/\/www.autojerez.com\/index.php\/producto\/prueba-conjunta-vehiculo-adaptado-automatico-badajoz\/#primaryimage\"},\"thumbnailUrl\":\"https:\/\/www.autojerez.com\/wp-content\/uploads\/2023\/09\/PRODUCTOS-WEB-COMMERCE-22.jpg\",\"datePublished\":\"2023-09-21T16:22:33+00:00\",\"dateModified\":\"2024-07-29T09:00:39+00:00\",\"description\":\"prueba-conjunta-badajoz-veh\u00edculo-adaptado-autom\u00e1tico-dgt-m\u00e9dica-818\/2009-real-decreto-adaptaciones-conducci\u00f3n\",\"breadcrumb\":{\"@id\":\"https:\/\/www.autojerez.com\/index.php\/producto\/prueba-conjunta-vehiculo-adaptado-automatico-badajoz\/#breadcrumb\"},\"inLanguage\":\"es\",\"potentialAction\":[{\"@type\":\"ReadAction\",\"target\":[\"https:\/\/www.autojerez.com\/index.php\/producto\/prueba-conjunta-vehiculo-adaptado-automatico-badajoz\/\"]}]},{\"@type\":\"ImageObject\",\"inLanguage\":\"es\",\"@id\":\"https:\/\/www.autojerez.com\/index.php\/producto\/prueba-conjunta-vehiculo-adaptado-automatico-badajoz\/#primaryimage\",\"url\":\"https:\/\/www.autojerez.com\/wp-content\/uploads\/2023\/09\/PRODUCTOS-WEB-COMMERCE-22.jpg\",\"contentUrl\":\"https:\/\/www.autojerez.com\/wp-content\/uploads\/2023\/09\/PRODUCTOS-WEB-COMMERCE-22.jpg\",\"width\":940,\"height\":788},{\"@type\":\"BreadcrumbList\",\"@id\":\"https:\/\/www.autojerez.com\/index.php\/producto\/prueba-conjunta-vehiculo-adaptado-automatico-badajoz\/#breadcrumb\",\"itemListElement\":[{\"@type\":\"ListItem\",\"position\":1,\"name\":\"Portada\",\"item\":\"https:\/\/www.autojerez.com\/\"},{\"@type\":\"ListItem\",\"position\":2,\"name\":\"Tienda\",\"item\":\"https:\/\/www.autojerez.com\/index.php\/tienda\/\"},{\"@type\":\"ListItem\",\"position\":3,\"name\":\"Prueba conjunta\"}]},{\"@type\":\"WebSite\",\"@id\":\"https:\/\/www.autojerez.com\/#website\",\"url\":\"https:\/\/www.autojerez.com\/\",\"name\":\"Autoescuela Jerez\",\"description\":\"La mejor autoescuela de Extremadura\",\"publisher\":{\"@id\":\"https:\/\/www.autojerez.com\/#organization\"},\"potentialAction\":[{\"@type\":\"SearchAction\",\"target\":{\"@type\":\"EntryPoint\",\"urlTemplate\":\"https:\/\/www.autojerez.com\/?s={search_term_string}\"},\"query-input\":{\"@type\":\"PropertyValueSpecification\",\"valueRequired\":true,\"valueName\":\"search_term_string\"}}],\"inLanguage\":\"es\"},{\"@type\":\"Organization\",\"@id\":\"https:\/\/www.autojerez.com\/#organization\",\"name\":\"Autoescuela Jerez\",\"url\":\"https:\/\/www.autojerez.com\/\",\"logo\":{\"@type\":\"ImageObject\",\"inLanguage\":\"es\",\"@id\":\"https:\/\/www.autojerez.com\/#\/schema\/logo\/image\/\",\"url\":\"https:\/\/www.autojerez.com\/wp-content\/uploads\/2021\/03\/LOGO-TRANSPARENTE-NEGRO-1.gif\",\"contentUrl\":\"https:\/\/www.autojerez.com\/wp-content\/uploads\/2021\/03\/LOGO-TRANSPARENTE-NEGRO-1.gif\",\"width\":2304,\"height\":1476,\"caption\":\"Autoescuela Jerez\"},\"image\":{\"@id\":\"https:\/\/www.autojerez.com\/#\/schema\/logo\/image\/\"}}]}<\/script>\n<!-- \/ Yoast SEO plugin. -->","yoast_head_json":{"title":"Prueba conjunta - Autoescuela Jerez","description":"prueba-conjunta-badajoz-veh\u00edculo-adaptado-autom\u00e1tico-dgt-m\u00e9dica-818\/2009-real-decreto-adaptaciones-conducci\u00f3n","robots":{"index":"index","follow":"follow","max-snippet":"max-snippet:-1","max-image-preview":"max-image-preview:large","max-video-preview":"max-video-preview:-1"},"canonical":"https:\/\/www.autojerez.com\/index.php\/producto\/prueba-conjunta-vehiculo-adaptado-automatico-badajoz\/","og_locale":"es_ES","og_type":"article","og_title":"Prueba conjunta - Autoescuela Jerez","og_description":"prueba-conjunta-badajoz-veh\u00edculo-adaptado-autom\u00e1tico-dgt-m\u00e9dica-818\/2009-real-decreto-adaptaciones-conducci\u00f3n","og_url":"https:\/\/www.autojerez.com\/index.php\/producto\/prueba-conjunta-vehiculo-adaptado-automatico-badajoz\/","og_site_name":"Autoescuela Jerez","article_modified_time":"2024-07-29T09:00:39+00:00","og_image":[{"width":940,"height":788,"url":"https:\/\/www.autojerez.com\/wp-content\/uploads\/2023\/09\/PRODUCTOS-WEB-COMMERCE-22.jpg","type":"image\/jpeg"}],"twitter_card":"summary_large_image","twitter_misc":{"Tiempo de lectura":"1 minuto"},"schema":{"@context":"https:\/\/schema.org","@graph":[{"@type":"WebPage","@id":"https:\/\/www.autojerez.com\/index.php\/producto\/prueba-conjunta-vehiculo-adaptado-automatico-badajoz\/","url":"https:\/\/www.autojerez.com\/index.php\/producto\/prueba-conjunta-vehiculo-adaptado-automatico-badajoz\/","name":"Prueba conjunta - Autoescuela Jerez","isPartOf":{"@id":"https:\/\/www.autojerez.com\/#website"},"primaryImageOfPage":{"@id":"https:\/\/www.autojerez.com\/index.php\/producto\/prueba-conjunta-vehiculo-adaptado-automatico-badajoz\/#primaryimage"},"image":{"@id":"https:\/\/www.autojerez.com\/index.php\/producto\/prueba-conjunta-vehiculo-adaptado-automatico-badajoz\/#primaryimage"},"thumbnailUrl":"https:\/\/www.autojerez.com\/wp-content\/uploads\/2023\/09\/PRODUCTOS-WEB-COMMERCE-22.jpg","datePublished":"2023-09-21T16:22:33+00:00","dateModified":"2024-07-29T09:00:39+00:00","description":"prueba-conjunta-badajoz-veh\u00edculo-adaptado-autom\u00e1tico-dgt-m\u00e9dica-818\/2009-real-decreto-adaptaciones-conducci\u00f3n","breadcrumb":{"@id":"https:\/\/www.autojerez.com\/index.php\/producto\/prueba-conjunta-vehiculo-adaptado-automatico-badajoz\/#breadcrumb"},"inLanguage":"es","potentialAction":[{"@type":"ReadAction","target":["https:\/\/www.autojerez.com\/index.php\/producto\/prueba-conjunta-vehiculo-adaptado-automatico-badajoz\/"]}]},{"@type":"ImageObject","inLanguage":"es","@id":"https:\/\/www.autojerez.com\/index.php\/producto\/prueba-conjunta-vehiculo-adaptado-automatico-badajoz\/#primaryimage","url":"https:\/\/www.autojerez.com\/wp-content\/uploads\/2023\/09\/PRODUCTOS-WEB-COMMERCE-22.jpg","contentUrl":"https:\/\/www.autojerez.com\/wp-content\/uploads\/2023\/09\/PRODUCTOS-WEB-COMMERCE-22.jpg","width":940,"height":788},{"@type":"BreadcrumbList","@id":"https:\/\/www.autojerez.com\/index.php\/producto\/prueba-conjunta-vehiculo-adaptado-automatico-badajoz\/#breadcrumb","itemListElement":[{"@type":"ListItem","position":1,"name":"Portada","item":"https:\/\/www.autojerez.com\/"},{"@type":"ListItem","position":2,"name":"Tienda","item":"https:\/\/www.autojerez.com\/index.php\/tienda\/"},{"@type":"ListItem","position":3,"name":"Prueba conjunta"}]},{"@type":"WebSite","@id":"https:\/\/www.autojerez.com\/#website","url":"https:\/\/www.autojerez.com\/","name":"Autoescuela Jerez","description":"La mejor autoescuela de Extremadura","publisher":{"@id":"https:\/\/www.autojerez.com\/#organization"},"potentialAction":[{"@type":"SearchAction","target":{"@type":"EntryPoint","urlTemplate":"https:\/\/www.autojerez.com\/?s={search_term_string}"},"query-input":{"@type":"PropertyValueSpecification","valueRequired":true,"valueName":"search_term_string"}}],"inLanguage":"es"},{"@type":"Organization","@id":"https:\/\/www.autojerez.com\/#organization","name":"Autoescuela Jerez","url":"https:\/\/www.autojerez.com\/","logo":{"@type":"ImageObject","inLanguage":"es","@id":"https:\/\/www.autojerez.com\/#\/schema\/logo\/image\/","url":"https:\/\/www.autojerez.com\/wp-content\/uploads\/2021\/03\/LOGO-TRANSPARENTE-NEGRO-1.gif","contentUrl":"https:\/\/www.autojerez.com\/wp-content\/uploads\/2021\/03\/LOGO-TRANSPARENTE-NEGRO-1.gif","width":2304,"height":1476,"caption":"Autoescuela Jerez"},"image":{"@id":"https:\/\/www.autojerez.com\/#\/schema\/logo\/image\/"}}]}},"_links":{"self":[{"href":"https:\/\/www.autojerez.com\/index.php\/wp-json\/wp\/v2\/product\/1644","targetHints":{"allow":["GET"]}}],"collection":[{"href":"https:\/\/www.autojerez.com\/index.php\/wp-json\/wp\/v2\/product"}],"about":[{"href":"https:\/\/www.autojerez.com\/index.php\/wp-json\/wp\/v2\/types\/product"}],"wp:featuredmedia":[{"embeddable":true,"href":"https:\/\/www.autojerez.com\/index.php\/wp-json\/wp\/v2\/media\/1645"}],"wp:attachment":[{"href":"https:\/\/www.autojerez.com\/index.php\/wp-json\/wp\/v2\/media?parent=1644"}],"wp:term":[{"taxonomy":"product_brand","embeddable":true,"href":"https:\/\/www.autojerez.com\/index.php\/wp-json\/wp\/v2\/product_brand?post=1644"},{"taxonomy":"product_cat","embeddable":true,"href":"https:\/\/www.autojerez.com\/index.php\/wp-json\/wp\/v2\/product_cat?post=1644"},{"taxonomy":"product_tag","embeddable":true,"href":"https:\/\/www.autojerez.com\/index.php\/wp-json\/wp\/v2\/product_tag?post=1644"}],"curies":[{"name":"wp","href":"https:\/\/api.w.org\/{rel}","templated":true}]}}